{"id":368527,"date":"2023-08-18T10:12:47","date_gmt":"2023-08-18T08:12:47","guid":{"rendered":"https:\/\/www.progettoenergia.ch\/?page_id=368527"},"modified":"2023-08-18T10:14:19","modified_gmt":"2023-08-18T08:14:19","slug":"privacy-policy-de","status":"publish","type":"page","link":"https:\/\/www.progettoenergia.ch\/de\/privacy-policy-de\/","title":{"rendered":"Privacy Policy &#8211; Deutsch"},"content":{"rendered":"<p>[et_pb_section fb_built=&#8221;1&#8243; theme_builder_area=&#8221;post_content&#8221; _builder_version=&#8221;4.22.0&#8243; _module_preset=&#8221;default&#8221;][et_pb_row _builder_version=&#8221;4.22.0&#8243; _module_preset=&#8221;default&#8221; theme_builder_area=&#8221;post_content&#8221;][et_pb_column _builder_version=&#8221;4.22.0&#8243; _module_preset=&#8221;default&#8221; type=&#8221;4_4&#8243; theme_builder_area=&#8221;post_content&#8221;][et_pb_text _builder_version=&#8221;4.22.0&#8243; _module_preset=&#8221;default&#8221; theme_builder_area=&#8221;post_content&#8221; hover_enabled=&#8221;0&#8243; sticky_enabled=&#8221;0&#8243;]<\/p>\n<p><strong>Datenschutzpolitik von progettoenergia.ch<\/strong><\/p>\n<p>&nbsp;<\/p>\n<p>Diese Website sammelt bestimmte pers\u00f6nliche Daten ihrer Benutzer.<\/p>\n<p>Dieses Dokument kann \u00fcber den Druckbefehl in den Einstellungen eines jeden Browsers ausgedruckt werden.<\/p>\n<p>&nbsp;<\/p>\n<p><strong><u>Inhaber der Daten<\/u><\/strong><\/p>\n<p>Progetto Energia SA<\/p>\n<p>Kantonale Stra\u00dfe, 2<\/p>\n<p>CH-6917 Barbengo<\/p>\n<p>E-Mail Adresse des Inhabers: info@progettoenergia.ch<\/p>\n<p>&nbsp;<\/p>\n<p>*****<\/p>\n<p>&nbsp;<\/p>\n<p><strong><u>Arten der gesammelten Daten<\/u><\/strong><\/p>\n<p>Zu den personenbezogenen Daten, die von dieser Website entweder selbst oder \u00fcber Dritte erhoben werden, geh\u00f6ren: Tracking Tools; Nutzungsdaten; Anzahl der Nutzer; Ger\u00e4teinformationen; Sitzungsstatistiken; Breitengrad (der Stadt); L\u00e4ngengrad (der Stadt); Browserinformationen; Vorname; Nachname; Geburtsdatum; Telefonnummer; Firmenname; physische Adresse; E-Mail; verschiedene Arten von Daten; Stadt; Website.<\/p>\n<p>&nbsp;<\/p>\n<p>Ausf\u00fchrliche Angaben zu jeder Art von erfassten personenbezogenen Daten finden Sie in den entsprechenden Abschnitten dieser Datenschutzrichtlinie oder durch spezielle Informationstexte, die vor der Erfassung dieser Daten angezeigt werden.<\/p>\n<p>Personenbezogene Daten k\u00f6nnen vom Nutzer freiwillig zur Verf\u00fcgung gestellt werden oder, im Falle von Nutzerdaten, automatisch w\u00e4hrend der Nutzung dieser Website erhoben werden.<\/p>\n<p>Sofern nicht anders angegeben, sind alle von dieser Website angeforderten Daten obligatorisch. Weigert sich der Nutzer, sie anzugeben, kann es f\u00fcr diese Website unm\u00f6glich sein, den Dienst zu erbringen. In den F\u00e4llen, in denen diese Website bestimmte Daten als fakultativ bezeichnet, steht es dem Benutzer frei, diese Daten nicht zu \u00fcbermitteln, ohne dass dies Auswirkungen auf die Verf\u00fcgbarkeit des Dienstes oder seinen Betrieb hat.<\/p>\n<p>Benutzer, die Zweifel daran haben, welche Daten obligatorisch sind, werden gebeten, sich an den f\u00fcr die Datenverarbeitung Verantwortlichen zu wenden.<\/p>\n<p>Jegliche Verwendung von Cookies &#8211; oder anderen Tracking-Tools &#8211; durch diese Website oder durch die Eigent\u00fcmer der von dieser Website genutzten Dienste Dritter dient dem Zweck, den vom Nutzer angeforderten Dienst bereitzustellen, zus\u00e4tzlich zu den in diesem Dokument und in der Cookie-Richtlinie beschriebenen weiteren Zwecken.<\/p>\n<p>&nbsp;<\/p>\n<p>Der Nutzer \u00fcbernimmt die Verantwortung f\u00fcr die pers\u00f6nlichen Daten Dritter, die \u00fcber diese Website erhalten, ver\u00f6ffentlicht oder weitergegeben werden.<\/p>\n<p>Methode und Ort der Verarbeitung der gesammelten Daten<\/p>\n<p>*****<\/p>\n<p>&nbsp;<\/p>\n<p><strong><u>Modalit\u00e4ten der Verarbeitung<\/u><\/strong><\/p>\n<p>Der f\u00fcr die Datenverarbeitung Verantwortliche ergreift geeignete Sicherheitsma\u00dfnahmen, um den unbefugten Zugriff, die Weitergabe, die \u00c4nderung oder die Zerst\u00f6rung personenbezogener Daten zu verhindern.<\/p>\n<p>Die Verarbeitung erfolgt mit Hilfe von Informatik- und\/oder Telematikinstrumenten, wobei die organisatorischen und logischen Verfahren streng auf die angegebenen Zwecke abgestimmt sind. Neben dem Inhaber der Datenverarbeitung k\u00f6nnen in einigen F\u00e4llen auch andere an der Organisation dieser Website beteiligte Personen (Verwaltungs-, Vertriebs-, Marketing-, Rechts- und Systemadministratoren) oder externe Personen (z. B. dritte technische Dienstleister, Postkuriere, Hosting-Anbieter, IT-Unternehmen, Kommunikationsagenturen), die gegebenenfalls vom Inhaber der Datenverarbeitung zu Datenverarbeitern ernannt werden, Zugang zu den Daten haben. Die aktualisierte Liste der Datenverarbeiter kann jederzeit bei dem f\u00fcr die Verarbeitung Verantwortlichen angefordert werden.<\/p>\n<p>&nbsp;<\/p>\n<p>*****<\/p>\n<p>&nbsp;<\/p>\n<p><strong><u>Ort<\/u><\/strong><\/p>\n<p>Die Daten werden in den R\u00e4umlichkeiten des f\u00fcr die Verarbeitung Verantwortlichen und an jedem anderen Ort verarbeitet, an dem sich die an der Verarbeitung beteiligten Parteien befinden. F\u00fcr weitere Informationen wenden Sie sich bitte an den Datenverantwortlichen.<\/p>\n<p>Die personenbezogenen Daten des Nutzers k\u00f6nnen in ein anderes Land als das Land, in dem der Nutzer ans\u00e4ssig ist, \u00fcbermittelt werden. Weitere Informationen \u00fcber den Ort der Verarbeitung finden Sie im Abschnitt \u00fcber die Einzelheiten der Verarbeitung personenbezogener Daten.<\/p>\n<p>&nbsp;<\/p>\n<p>*****<\/p>\n<p>&nbsp;<\/p>\n<p><strong><u>Aufbewahrungsfrist<\/u><\/strong><\/p>\n<p>Sofern in diesem Dokument nicht anders angegeben, werden personenbezogene Daten so lange verarbeitet und aufbewahrt, wie es der Zweck, f\u00fcr den sie erhoben wurden, erfordert, und k\u00f6nnen aufgrund einer gesetzlichen Verpflichtung oder aufgrund der Zustimmung des Nutzers l\u00e4nger aufbewahrt werden.<\/p>\n<p>&nbsp;<\/p>\n<p>*****<\/p>\n<p>&nbsp;<\/p>\n<p><strong><u>Zwecke der erfassten Daten<\/u><\/strong><\/p>\n<p>Die Daten des Nutzers werden erhoben, damit der f\u00fcr die Datenverarbeitung Verantwortliche den Dienst bereitstellen kann, um gesetzlichen Verpflichtungen nachzukommen, auf Anfragen oder Vollstreckungsma\u00dfnahmen zu reagieren, seine eigenen Rechte und Interessen (oder die der Nutzer oder Dritter) zu sch\u00fctzen, betr\u00fcgerische oder b\u00f6sartige Aktivit\u00e4ten aufzudecken sowie f\u00fcr folgende Zwecke: Optimierung und Verteilung des Datenverkehrs, Statistiken, Anzeige von Inhalten externer Plattformen, Kontaktaufnahme mit dem Nutzer und Registrierung und Authentifizierung direkt \u00fcber diese Website.<\/p>\n<p>&nbsp;<\/p>\n<p>Detaillierte Informationen zu den Zwecken der Verarbeitung und zu den personenbezogenen Daten, die f\u00fcr die einzelnen Zwecke verarbeitet werden, erh\u00e4lt der Nutzer im Abschnitt &#8220;Einzelheiten zur Verarbeitung personenbezogener Daten&#8221;.<\/p>\n<p>&nbsp;<\/p>\n<p>*****<\/p>\n<p>&nbsp;<\/p>\n<p><strong><u>Einzelheiten zur Verarbeitung personenbezogener Daten<\/u><\/strong><\/p>\n<p>Personenbezogene Daten werden f\u00fcr die folgenden Zwecke und mit Hilfe der folgenden Dienste erhoben:<\/p>\n<p>&nbsp;<\/p>\n<p><strong>Kontaktaufnahme mit dem Benutzer<\/strong><\/p>\n<p><u>Kontaktformular (diese Website)<\/u><\/p>\n<p>Indem der Nutzer das Kontaktformular mit seinen Daten ausf\u00fcllt, stimmt er der Verwendung dieser Daten zu, um auf Informationsanfragen, Angebote oder andere Anfragen zu antworten, die in der Kopfzeile des Formulars angegeben sind<\/p>\n<p>&nbsp;<\/p>\n<p><strong>Optimierung und Verteilung des Datenverkehrs<\/strong><\/p>\n<p>Diese Art von Diensten erm\u00f6glicht es dieser Website, ihre Inhalte \u00fcber Server im gesamten Gebiet zu verteilen und ihre Leistung zu optimieren.<\/p>\n<p>Die verarbeiteten personenbezogenen Daten h\u00e4ngen von den Merkmalen und der Art der Umsetzung dieser Dienste ab, die ihrer Natur nach die Kommunikation zwischen dieser Website und dem Browser des Nutzers filtern.<\/p>\n<p>Angesichts des verteilten Charakters dieses Systems ist es schwierig, die Orte zu bestimmen, an die Inhalte \u00fcbertragen werden, die die personenbezogenen Daten des Nutzers enthalten k\u00f6nnen.<\/p>\n<p>&nbsp;<\/p>\n<p><u>Cloudflare (Cloudflare Inc.)<\/u><\/p>\n<p>Cloudflare ist ein Dienst zur Optimierung und Verteilung des Datenverkehrs, der von Cloudflare Inc. angeboten wird.<\/p>\n<p>Die Art und Weise, wie Cloudflare integriert ist, bedeutet, dass es den gesamten Verkehr auf dieser Website filtert, d.h. die Kommunikation zwischen dieser Website und dem Browser des Nutzers, und auch die Sammlung statistischer Daten dar\u00fcber erm\u00f6glicht.<\/p>\n<p>Verarbeitete personenbezogene Daten: Tracking-Tools.<\/p>\n<p>Ort der Verarbeitung: Vereinigte Staaten &#8211; Datenschutzrichtlinie.<\/p>\n<p>&nbsp;<\/p>\n<p><strong>Registrierung und Authentifizierung direkt durch diese Website<\/strong><\/p>\n<p>Durch die Registrierung oder Authentifizierung erlaubt der Nutzer dieser Website, ihn zu identifizieren und ihm Zugang zu bestimmten Diensten zu geben. Pers\u00f6nliche Daten werden ausschlie\u00dflich zu Registrierungs- oder Identifizierungszwecken gesammelt und gespeichert. Es werden nur die Daten erfasst, die f\u00fcr die Erbringung der vom Benutzer angeforderten Dienstleistung erforderlich sind.<\/p>\n<p><u><\/u><\/p>\n<p><u>Direkte Registrierung (diese Website)<\/u><\/p>\n<p>Der Nutzer registriert sich, indem er das Registrierungsformular ausf\u00fcllt und seine pers\u00f6nlichen Daten direkt auf dieser Website angibt.<\/p>\n<p>Verarbeitete personenbezogene Daten: verschiedene Arten von Daten.<\/p>\n<p>&nbsp;<\/p>\n<p><strong>Anzeige von Inhalten aus externen Plattformen<\/strong><\/p>\n<p>Diese Art von Dienst erm\u00f6glicht es, Inhalte, die auf externen Plattformen gehostet werden, direkt von den Seiten dieser Website aus anzuzeigen und mit ihnen zu interagieren.<\/p>\n<p>Diese Art von Dienst kann jedoch Daten \u00fcber den Webverkehr im Zusammenhang mit den Seiten sammeln, auf denen der Dienst installiert ist, auch wenn die Nutzer ihn nicht nutzen.<\/p>\n<p>&nbsp;<\/p>\n<p><u>Google Fonts (Google Ireland Limited)<\/u><\/p>\n<p>Google Fonts ist ein von Google Ireland Limited betriebener Dienst zur Anzeige von Schriftstilen, der es dieser Website erm\u00f6glicht, solche Inhalte in ihre Seiten zu integrieren.<\/p>\n<p>Verarbeitete personenbezogene Daten: Nutzungsdaten; Tracking-Tools.<\/p>\n<p>Ort der Verarbeitung: Irland &#8211; Datenschutzrichtlinie.<\/p>\n<p>&nbsp;<\/p>\n<p><u>Google Maps Widget (Google Ireland Limited)<\/u><\/p>\n<p>Google Maps ist ein von Google Ireland Limited betriebener Kartendarstellungsdienst, der es dieser Website erm\u00f6glicht, solche Inhalte in ihre Seiten zu integrieren.<\/p>\n<p>Verarbeitete personenbezogene Daten: Tracking-Tools.<\/p>\n<p>Ort der Verarbeitung: Irland &#8211; Datenschutzrichtlinie.<\/p>\n<p>&nbsp;<\/p>\n<p><strong>Statistik<\/strong><\/p>\n<p>Die in diesem Abschnitt enthaltenen Dienste erm\u00f6glichen dem f\u00fcr die Datenverarbeitung Verantwortlichen die \u00dcberwachung und Analyse von Verkehrsdaten und dienen dazu, das Verhalten der Nutzer zu verfolgen.<\/p>\n<p>&nbsp;<\/p>\n<p><u>Google Analytics 4 (Google Ireland Limited)<\/u><\/p>\n<p>Google Analytics ist ein Statistikdienst, der von Google Ireland Limited (&#8220;Google&#8221;) bereitgestellt wird. Google verwendet die erfassten personenbezogenen Daten, um die Nutzung dieser Website zu verfolgen und zu untersuchen, Berichte zu erstellen und diese mit anderen von Google entwickelten Diensten zu teilen.<\/p>\n<p>Google kann personenbezogene Daten verwenden, um Anzeigen in seinem Werbenetzwerk zu kontextualisieren und zu personalisieren.<\/p>\n<p>In Google Analytics 4 werden die IP-Adressen zum Zeitpunkt der Erfassung verwendet und anschlie\u00dfend gel\u00f6scht, bevor die Daten in einem Datenzentrum oder auf einem Server gespeichert werden. Weitere Informationen finden Sie in der offiziellen Dokumentation von Google.<\/p>\n<p>Verarbeitete personenbezogene Daten: Nutzungsdaten; Browserinformationen; Ger\u00e4teinformationen; Breitengrad (der Stadt); L\u00e4ngengrad (der Stadt); Anzahl der Nutzer; Sitzungsstatistiken; Tracking-Tools.<\/p>\n<p>Ort der Verarbeitung: Irland &#8211; Datenschutzbestimmungen &#8211; Opt-out.<\/p>\n<p>&nbsp;<\/p>\n<p>*****<\/p>\n<p>&nbsp;<\/p>\n<p><strong><u>Cookie-Richtlinie<\/u><\/strong><\/p>\n<p>Diese Website verwendet Tracking-Tools. Um mehr dar\u00fcber zu erfahren, k\u00f6nnen die Nutzer die Cookie-Richtlinie einsehen.<\/p>\n<p>&nbsp;<\/p>\n<p>*****<\/p>\n<p>&nbsp;<\/p>\n<p><strong><u>Weitere Informationen f\u00fcr Nutzer<\/u><\/strong><\/p>\n<p><strong>Rechtsgrundlage f\u00fcr die Verarbeitung<\/strong><\/p>\n<p>Der f\u00fcr die Verarbeitung Verantwortliche verarbeitet personenbezogene Daten des Nutzers, wenn eine der folgenden Bedingungen vorliegt:<\/p>\n<p>&nbsp;<\/p>\n<ul>\n<li>der Nutzer hat seine Einwilligung f\u00fcr einen oder mehrere bestimmte Zwecke gegeben; Hinweis: In einigen Rechtsordnungen kann der f\u00fcr die Verarbeitung Verantwortliche befugt sein, personenbezogene Daten zu verarbeiten, ohne dass eine Einwilligung des Nutzers oder eine andere der unten genannten Rechtsgrundlagen erforderlich ist, solange der Nutzer dieser Verarbeitung nicht widerspricht (&#8220;Opt-out&#8221;). Dies gilt jedoch nicht, wenn die Verarbeitung personenbezogener Daten durch europ\u00e4ische Rechtsvorschriften zum Schutz personenbezogener Daten geregelt ist;<\/li>\n<li>die Verarbeitung f\u00fcr die Erf\u00fcllung eines Vertrags mit dem Nutzer und\/oder die Durchf\u00fchrung vorvertraglicher Ma\u00dfnahmen erforderlich ist;<\/li>\n<li>die Verarbeitung f\u00fcr die Erf\u00fcllung einer rechtlichen Verpflichtung erforderlich ist, der der f\u00fcr die Verarbeitung Verantwortliche unterliegt;<\/li>\n<li>die Verarbeitung ist f\u00fcr die Wahrnehmung einer Aufgabe erforderlich, die im \u00f6ffentlichen Interesse liegt oder in Aus\u00fcbung \u00f6ffentlicher Gewalt erfolgt, die dem f\u00fcr die Verarbeitung Verantwortlichen \u00fcbertragen wurde;<\/li>\n<li>die Verarbeitung ist zur Verfolgung des berechtigten Interesses des f\u00fcr die Verarbeitung Verantwortlichen oder eines Dritten erforderlich.<\/li>\n<\/ul>\n<p>&nbsp;<\/p>\n<p>Es besteht jedoch jederzeit die M\u00f6glichkeit, von dem f\u00fcr die Verarbeitung Verantwortlichen zu verlangen, die konkrete Rechtsgrundlage jeder Verarbeitung zu erl\u00e4utern und insbesondere anzugeben, ob die Verarbeitung auf einer gesetzlichen Grundlage beruht, durch einen Vertrag vorgeschrieben oder f\u00fcr den Abschluss eines Vertrags erforderlich ist.<\/p>\n<p>&nbsp;<\/p>\n<p><strong>Weitere Informationen zur Speicherdauer<\/strong><\/p>\n<p>Sofern in diesem Dokument nicht anders angegeben, werden personenbezogene Daten so lange verarbeitet und aufbewahrt, wie es der Zweck, f\u00fcr den sie erhoben wurden, erfordert, und k\u00f6nnen aufgrund einer gesetzlichen Verpflichtung oder aufgrund der Einwilligung der Nutzer l\u00e4nger aufbewahrt werden.<\/p>\n<p>Daher:<\/p>\n<ul>\n<li>Personenbezogene Daten, die f\u00fcr Zwecke im Zusammenhang mit der Erf\u00fcllung eines Vertrags zwischen dem f\u00fcr die Verarbeitung Verantwortlichen und dem Nutzer erhoben wurden, werden bis zur Erf\u00fcllung dieses Vertrags aufbewahrt.<\/li>\n<li>Personenbezogene Daten, die f\u00fcr Zwecke im Zusammenhang mit dem berechtigten Interesse des f\u00fcr die Verarbeitung Verantwortlichen erhoben wurden, werden so lange gespeichert, bis dieses Interesse erf\u00fcllt ist. Der Nutzer kann weitere Informationen \u00fcber das von dem f\u00fcr die Verarbeitung Verantwortlichen verfolgte berechtigte Interesse in den entsprechenden Abschnitten dieses Dokuments oder durch Kontaktaufnahme mit dem f\u00fcr die Verarbeitung Verantwortlichen erhalten.<\/li>\n<\/ul>\n<p>&nbsp;<\/p>\n<p>Beruht die Verarbeitung auf der Einwilligung des Nutzers, kann der f\u00fcr die Verarbeitung Verantwortliche die personenbezogenen Daten l\u00e4nger aufbewahren, bis diese Einwilligung widerrufen wird. Dar\u00fcber hinaus kann der f\u00fcr die Verarbeitung Verantwortliche aufgrund einer gesetzlichen Verpflichtung oder einer beh\u00f6rdlichen Anordnung verpflichtet sein, die personenbezogenen Daten f\u00fcr einen l\u00e4ngeren Zeitraum aufzubewahren.<\/p>\n<p>&nbsp;<\/p>\n<p>Nach Ablauf der Aufbewahrungsfrist werden die personenbezogenen Daten gel\u00f6scht. Nach Ablauf dieser Frist k\u00f6nnen daher das Recht auf Auskunft, L\u00f6schung, Berichtigung und das Recht auf Daten\u00fcbertragbarkeit nicht mehr ausge\u00fcbt werden.<\/p>\n<p>&nbsp;<\/p>\n<p><strong>Rechte der Nutzer<\/strong><\/p>\n<p>&nbsp;<\/p>\n<p>Die Nutzer k\u00f6nnen bestimmte Rechte in Bezug auf die vom f\u00fcr die Verarbeitung Verantwortlichen verarbeiteten Daten aus\u00fcben.<\/p>\n<p>&nbsp;<\/p>\n<p>Insbesondere hat der Nutzer innerhalb der gesetzlich vorgesehenen Grenzen das Recht:<\/p>\n<p>&nbsp;<\/p>\n<ul>\n<li>seine Zustimmung jederzeit zu widerrufen. Der Nutzer kann die zuvor erteilte Zustimmung zur Verarbeitung seiner personenbezogenen Daten widerrufen.<\/li>\n<\/ul>\n<p>&nbsp;<\/p>\n<ul>\n<li>Widerspruch gegen die Verarbeitung seiner Daten einlegen. Der Nutzer kann der Verarbeitung seiner Daten widersprechen, wenn diese auf einer anderen Rechtsgrundlage als der Einwilligung erfolgt.<\/li>\n<\/ul>\n<p>&nbsp;<\/p>\n<ul>\n<li>Zugang zu seinen Daten. Der Nutzer hat das Recht, Informationen \u00fcber die von dem f\u00fcr die Verarbeitung Verantwortlichen verarbeiteten Daten sowie \u00fcber bestimmte Aspekte der Verarbeitung zu erhalten und eine Kopie der verarbeiteten Daten zu bekommen.<\/li>\n<\/ul>\n<p>&nbsp;<\/p>\n<ul>\n<li>die Richtigkeit der Daten zu \u00fcberpr\u00fcfen und ihre Berichtigung zu verlangen. Der Nutzer hat das Recht, die Richtigkeit seiner Daten zu \u00fcberpr\u00fcfen und deren Aktualisierung oder Berichtigung zu verlangen.<\/li>\n<\/ul>\n<p>&nbsp;<\/p>\n<ul>\n<li>die Einschr\u00e4nkung der Verarbeitung zu verlangen. Der Nutzer kann die Einschr\u00e4nkung der Verarbeitung seiner Daten verlangen. In diesem Fall wird der f\u00fcr die Datenverarbeitung Verantwortliche die Daten nicht zu anderen Zwecken als zu deren Erhaltung verarbeiten.<\/li>\n<\/ul>\n<p>&nbsp;<\/p>\n<ul>\n<li>die L\u00f6schung oder Entfernung seiner personenbezogenen Daten zu verlangen. Der Nutzer kann die L\u00f6schung seiner Daten durch den Datenverantwortlichen verlangen.<\/li>\n<\/ul>\n<p>&nbsp;<\/p>\n<ul>\n<li>seine Daten zu erhalten oder sie an einen anderen Datenverantwortlichen zu \u00fcbermitteln. Der Nutzer hat das Recht, seine Daten in einem strukturierten, g\u00e4ngigen und maschinenlesbaren Format zu erhalten und sie, soweit technisch m\u00f6glich, ungehindert an einen anderen f\u00fcr die Verarbeitung Verantwortlichen \u00fcbermitteln zu lassen.<\/li>\n<\/ul>\n<p>&nbsp;<\/p>\n<ul>\n<li>Eine Beschwerde einreichen. Der Nutzer kann bei der zust\u00e4ndigen Datenschutzaufsichtsbeh\u00f6rde eine Beschwerde einreichen oder den Rechtsweg beschreiten.<\/li>\n<\/ul>\n<p>Die Nutzer haben das Recht, Informationen \u00fcber die Rechtsgrundlage f\u00fcr die \u00dcbermittlung von Daten ins Ausland, einschlie\u00dflich an eine internationale Organisation, die dem V\u00f6lkerrecht unterliegt oder von zwei oder mehreren L\u00e4ndern gebildet wird, wie z. B. die UNO, sowie \u00fcber die von der f\u00fcr die Verarbeitung Verantwortlichen getroffenen Sicherheitsma\u00dfnahmen zum Schutz ihrer Daten zu erhalten.<\/p>\n<p>&nbsp;<\/p>\n<p><strong>Einzelheiten zum Widerspruchsrecht<\/strong><\/p>\n<p>Werden personenbezogene Daten im \u00f6ffentlichen Interesse, in Aus\u00fcbung \u00f6ffentlicher Gewalt, die dem f\u00fcr die Verarbeitung Verantwortlichen \u00fcbertragen wurde, oder zur Wahrung eines berechtigten Interesses des f\u00fcr die Verarbeitung Verantwortlichen verarbeitet, haben die Nutzer das Recht, aus Gr\u00fcnden, die sich aus ihrer besonderen Situation ergeben, Widerspruch gegen die Verarbeitung einzulegen.<\/p>\n<p>&nbsp;<\/p>\n<p>Die Nutzer werden darauf hingewiesen, dass sie im Falle der Verarbeitung ihrer Daten f\u00fcr Zwecke der Direktwerbung jederzeit kostenlos und ohne Angabe von Gr\u00fcnden Widerspruch gegen die Verarbeitung einlegen k\u00f6nnen. Widerspricht der Nutzer der Verarbeitung zu Zwecken des Direktmarketings, werden seine personenbezogenen Daten nicht mehr f\u00fcr diese Zwecke verarbeitet. Um herauszufinden, ob der f\u00fcr die Verarbeitung Verantwortliche Daten f\u00fcr Direktmarketingzwecke verarbeitet, k\u00f6nnen die Nutzer die entsprechenden Abschnitte dieses Dokuments einsehen.<\/p>\n<p><strong>\u00a0<\/strong><\/p>\n<p><strong>Aus\u00fcbung der Rechte<\/strong><\/p>\n<p>&nbsp;<\/p>\n<p>Um ihre Rechte auszu\u00fcben, k\u00f6nnen die Nutzer einen Antrag an die in diesem Dokument angegebenen Kontaktdaten des f\u00fcr die Verarbeitung Verantwortlichen richten. Der Antrag kann kostenlos gestellt werden und der f\u00fcr die Verarbeitung Verantwortliche wird so schnell wie m\u00f6glich, auf jeden Fall aber innerhalb eines Monats, antworten und dem Nutzer alle gesetzlich vorgeschriebenen Informationen zur Verf\u00fcgung stellen. Jede Berichtigung, L\u00f6schung oder Einschr\u00e4nkung der Verarbeitung wird von dem f\u00fcr die Verarbeitung Verantwortlichen allen Empf\u00e4ngern, denen die personenbezogenen Daten \u00fcbermittelt wurden, mitgeteilt, es sei denn, dies erweist sich als unm\u00f6glich oder ist mit einem unverh\u00e4ltnism\u00e4\u00dfigen Aufwand verbunden. Der f\u00fcr die Verarbeitung Verantwortliche teilt dem Nutzer diese Empf\u00e4nger mit, wenn er dies w\u00fcnscht.<\/p>\n<p>&nbsp;<\/p>\n<p>*****<\/p>\n<p>&nbsp;<\/p>\n<p><strong><u>Weitere Informationen zur Behandlung<\/u><\/strong><\/p>\n<p><strong>\u00a0<\/strong><\/p>\n<p><strong>Rechtsverteidigung<\/strong><\/p>\n<p>Die personenbezogenen Daten des Benutzers k\u00f6nnen vom Datenverantwortlichen in Gerichtsverfahren oder in der Vorbereitungsphase solcher Verfahren verwendet werden, um sich gegen Missbrauch bei der Nutzung dieser Website oder der damit verbundenen Dienste durch den Benutzer zu wehren.<\/p>\n<p>Der Benutzer erkl\u00e4rt, dass er sich bewusst ist, dass der Datenverwalter verpflichtet sein kann, die Daten auf Anordnung von Beh\u00f6rden weiterzugeben.<\/p>\n<p>&nbsp;<\/p>\n<p><strong>Spezifische Offenlegungen<\/strong><\/p>\n<p>Auf Anfrage des Nutzers kann diese Website dem Nutzer zus\u00e4tzlich zu den in dieser Datenschutzerkl\u00e4rung enthaltenen Informationen zus\u00e4tzliche und kontextbezogene Informationen \u00fcber bestimmte Dienste oder die Sammlung und Verarbeitung personenbezogener Daten zur Verf\u00fcgung stellen.<\/p>\n<p>&nbsp;<\/p>\n<p><strong>Systemprotokolle und Wartung<\/strong><\/p>\n<p>Zu Betriebs- und Wartungszwecken k\u00f6nnen diese Website und die von ihr genutzten Dienste Dritter Systemprotokolle sammeln, d. h. Dateien, die Interaktionen aufzeichnen und die auch personenbezogene Daten wie die IP-Adresse des Nutzers enthalten k\u00f6nnen.<\/p>\n<p>&nbsp;<\/p>\n<p><strong>Informationen, die nicht in dieser Richtlinie enthalten sind<\/strong><\/p>\n<p>Weitere Informationen in Bezug auf die Verarbeitung personenbezogener Daten k\u00f6nnen jederzeit beim f\u00fcr die Verarbeitung Verantwortlichen unter den angegebenen Kontaktdaten angefordert werden.<\/p>\n<p>&nbsp;<\/p>\n<p><strong>\u00c4nderungen an dieser Datenschutzrichtlinie<\/strong><\/p>\n<p>Der f\u00fcr die Verarbeitung Verantwortliche beh\u00e4lt sich das Recht vor, diese Datenschutzrichtlinie jederzeit zu \u00e4ndern, indem er die Nutzer auf dieser Seite und, wenn m\u00f6glich, auf dieser Website sowie, wenn technisch und rechtlich m\u00f6glich, durch Zusendung einer Mitteilung an die Nutzer \u00fcber eine der ihm zur Verf\u00fcgung stehenden Kontaktangaben informiert. Bitte konsultieren Sie diese Seite daher h\u00e4ufig und achten Sie auf das Datum der letzten \u00c4nderung, das am unteren Rand angegeben ist.<\/p>\n<p>Wenn die \u00c4nderungen eine Verarbeitung betreffen, deren Rechtsgrundlage die Einwilligung ist, wird der f\u00fcr die Verarbeitung Verantwortliche die Einwilligung des Nutzers erforderlichenfalls erneut einholen.<\/p>\n<p>&nbsp;<\/p>\n<p>*****<\/p>\n<p><strong><u>Definitionen und rechtliche Hinweise<\/u><\/strong><\/p>\n<p>&nbsp;<\/p>\n<p><strong>Personenbezogene Daten (oder Daten)<\/strong><\/p>\n<p>Personenbezogene Daten sind alle Informationen, die direkt oder indirekt, auch in Verbindung mit anderen Informationen, einschlie\u00dflich einer pers\u00f6nlichen Identifikationsnummer, eine nat\u00fcrliche Person identifizierbar oder identifizierbar machen.<\/p>\n<p>&nbsp;<\/p>\n<p><strong>Verwendungsdaten<\/strong><\/p>\n<p>\u00a0das Herkunftsland, die Merkmale des vom Besucher verwendeten Browsers und Betriebssystems, die verschiedenen zeitlichen Zusammenh\u00e4nge des Besuchs (z. B. die Dauer des Aufenthalts auf jeder Seite) und die Einzelheiten des Weges innerhalb der Anwendung, insbesondere die Reihenfolge der aufgerufenen Seiten, die Parameter des Betriebssystems und die IT-Umgebung des Nutzers.<\/p>\n<p><strong>\u00a0<\/strong><\/p>\n<p><strong>Benutzer<\/strong><\/p>\n<p>Die Person, die diese Website nutzt, die, sofern nicht anders angegeben, mit der betroffenen Person identisch ist.<\/p>\n<p><strong>\u00a0<\/strong><\/p>\n<p><strong>Betroffene Person<\/strong><\/p>\n<p>Die nat\u00fcrliche Person, auf die sich die personenbezogenen Daten beziehen.<\/p>\n<p>&nbsp;<\/p>\n<p><strong>Datenverantwortlicher (oder -verarbeiter)<\/strong><\/p>\n<p>Die nat\u00fcrliche Person, die juristische Person, die \u00f6ffentliche Verwaltung und jede andere Stelle, die personenbezogene Daten im Auftrag des f\u00fcr die Verarbeitung Verantwortlichen verarbeitet, wie in dieser Datenschutzrichtlinie dargelegt.<\/p>\n<p>&nbsp;<\/p>\n<p><strong>Datenverantwortlicher (oder Eigent\u00fcmer)<\/strong><\/p>\n<p>Die nat\u00fcrliche oder juristische Person, Beh\u00f6rde, Dienststelle oder sonstige Einrichtung, die allein oder gemeinsam mit anderen \u00fcber die Zwecke und Mittel der Verarbeitung personenbezogener Daten sowie \u00fcber die eingesetzten Instrumente, einschlie\u00dflich der Sicherheitsma\u00dfnahmen im Zusammenhang mit dem Betrieb und der Nutzung dieser Website, entscheidet. Der f\u00fcr die Datenverarbeitung Verantwortliche ist, sofern nicht anders angegeben, der Eigent\u00fcmer dieser Website.<\/p>\n<p>&nbsp;<\/p>\n<p><strong>Diese Website (oder diese Anwendung)<\/strong><\/p>\n<p>Das Hardware- oder Softwaretool, \u00fcber das die personenbezogenen Daten der Nutzer gesammelt und verarbeitet werden.<\/p>\n<p>&nbsp;<\/p>\n<p><strong>Dienstleistung<\/strong><\/p>\n<p>Der von dieser Website angebotene Dienst, wie in den entsprechenden Bedingungen (falls vorhanden) auf dieser Website\/Anwendung definiert.<\/p>\n<p><strong>\u00a0<\/strong><\/p>\n<p><strong>Europ\u00e4ische Union (oder EU)<\/strong><\/p>\n<p>Sofern nicht anders angegeben, schlie\u00dft jede Bezugnahme auf die Europ\u00e4ische Union in diesem Dokument alle derzeitigen Mitgliedstaaten der Europ\u00e4ischen Union und den Europ\u00e4ischen Wirtschaftsraum ein.<\/p>\n<p>&nbsp;<\/p>\n<p><strong>Cookies<\/strong><\/p>\n<p>Cookies sind Tracking-Tools, die aus kleinen Datenelementen bestehen, die im Browser des Nutzers gespeichert werden.<\/p>\n<p>&nbsp;<\/p>\n<p><strong>Tracking-Tool<\/strong><\/p>\n<p>Ein Tracking-Tool ist jede Technologie &#8211; z. B. Cookies, eindeutige Kennungen, Web-Beacons, eingebettete Skripte, E-Tags und Fingerabdr\u00fccke -, die es erm\u00f6glicht, den Nutzer zu verfolgen, z. B. durch die Erfassung oder Speicherung von Informationen auf dem Ger\u00e4t des Nutzers.<\/p>\n<p>&nbsp;<\/p>\n<p><strong>Rechtliche Hinweise<\/strong><\/p>\n<p>Sofern nicht anders angegeben, bezieht sich diese Datenschutzrichtlinie ausschlie\u00dflich auf diese Website.<\/p>\n<p>[\/et_pb_text][\/et_pb_column][\/et_pb_row][\/et_pb_section]<\/p>","protected":false},"excerpt":{"rendered":"<p>Datenschutzpolitik von progettoenergia.ch &nbsp; Diese Website sammelt bestimmte pers\u00f6nliche Daten ihrer Benutzer. Dieses Dokument kann \u00fcber den Druckbefehl in den Einstellungen eines jeden Browsers ausgedruckt werden. &nbsp; Inhaber der Daten Progetto Energia SA Kantonale Stra\u00dfe, 2 CH-6917 Barbengo E-Mail Adresse des Inhabers: info@progettoenergia.ch &nbsp; ***** &nbsp; Arten der gesammelten Daten Zu den personenbezogenen Daten, die [&hellip;]<\/p>","protected":false},"author":2,"featured_media":0,"parent":0,"menu_order":0,"comment_status":"closed","ping_status":"closed","template":"","meta":{"_et_pb_use_builder":"on","_et_pb_old_content":"","_et_gb_content_width":"","footnotes":""},"class_list":["post-368527","page","type-page","status-publish","hentry"],"_links":{"self":[{"href":"https:\/\/www.progettoenergia.ch\/de\/wp-json\/wp\/v2\/pages\/368527","targetHints":{"allow":["GET"]}}],"collection":[{"href":"https:\/\/www.progettoenergia.ch\/de\/wp-json\/wp\/v2\/pages"}],"about":[{"href":"https:\/\/www.progettoenergia.ch\/de\/wp-json\/wp\/v2\/types\/page"}],"author":[{"embeddable":true,"href":"https:\/\/www.progettoenergia.ch\/de\/wp-json\/wp\/v2\/users\/2"}],"replies":[{"embeddable":true,"href":"https:\/\/www.progettoenergia.ch\/de\/wp-json\/wp\/v2\/comments?post=368527"}],"version-history":[{"count":3,"href":"https:\/\/www.progettoenergia.ch\/de\/wp-json\/wp\/v2\/pages\/368527\/revisions"}],"predecessor-version":[{"id":368531,"href":"https:\/\/www.progettoenergia.ch\/de\/wp-json\/wp\/v2\/pages\/368527\/revisions\/368531"}],"wp:attachment":[{"href":"https:\/\/www.progettoenergia.ch\/de\/wp-json\/wp\/v2\/media?parent=368527"}],"curies":[{"name":"wp","href":"https:\/\/api.w.org\/{rel}","templated":true}]}}